{"version":"1.0","provider_name":"Po\u017eega house","provider_url":"https:\/\/pozeskakuca.gmp.hr\/en","title":"Po\u017ee\u0161ka ku\u0107a dio festivala Zlatne \u017eice Slavonije - Po\u017ee\u0161ka ku\u0107a","type":"rich","width":600,"height":338,"html":"<blockquote class=\"wp-embedded-content\" data-secret=\"yECc1KNVyD\"><a href=\"https:\/\/pozeskakuca.gmp.hr\/en\/2023\/08\/30\/pozeska-kuca-dio-festivala-zlatne-zice-slavonije\/\">Po\u017ee\u0161ka ku\u0107a dio festivala Zlatne \u017eice Slavonije<\/a><\/blockquote><iframe sandbox=\"allow-scripts\" security=\"restricted\" src=\"https:\/\/pozeskakuca.gmp.hr\/en\/2023\/08\/30\/pozeska-kuca-dio-festivala-zlatne-zice-slavonije\/embed\/#?secret=yECc1KNVyD\" width=\"600\" height=\"338\" title=\"&#8220;Po\u017ee\u0161ka ku\u0107a dio festivala Zlatne \u017eice Slavonije&#8221; &#8212; Po\u017ee\u0161ka ku\u0107a\" data-secret=\"yECc1KNVyD\" frameborder=\"0\" marginwidth=\"0\" marginheight=\"0\" scrolling=\"no\" class=\"wp-embedded-content\"><\/iframe><script>\n\/*! This file is auto-generated *\/\n!function(d,l){\"use strict\";l.querySelector&&d.addEventListener&&\"undefined\"!=typeof URL&&(d.wp=d.wp||{},d.wp.receiveEmbedMessage||(d.wp.receiveEmbedMessage=function(e){var t=e.data;if((t||t.secret||t.message||t.value)&&!\/[^a-zA-Z0-9]\/.test(t.secret)){for(var s,r,n,a=l.querySelectorAll('iframe[data-secret=\"'+t.secret+'\"]'),o=l.querySelectorAll('blockquote[data-secret=\"'+t.secret+'\"]'),c=new RegExp(\"^https?:$\",\"i\"),i=0;i<o.length;i++)o[i].style.display=\"none\";for(i=0;i<a.length;i++)s=a[i],e.source===s.contentWindow&&(s.removeAttribute(\"style\"),\"height\"===t.message?(1e3<(r=parseInt(t.value,10))?r=1e3:~~r<200&&(r=200),s.height=r):\"link\"===t.message&&(r=new URL(s.getAttribute(\"src\")),n=new URL(t.value),c.test(n.protocol))&&n.host===r.host&&l.activeElement===s&&(d.top.location.href=t.value))}},d.addEventListener(\"message\",d.wp.receiveEmbedMessage,!1),l.addEventListener(\"DOMContentLoaded\",function(){for(var e,t,s=l.querySelectorAll(\"iframe.wp-embedded-content\"),r=0;r<s.length;r++)(t=(e=s[r]).getAttribute(\"data-secret\"))||(t=Math.random().toString(36).substring(2,12),e.src+=\"#?secret=\"+t,e.setAttribute(\"data-secret\",t)),e.contentWindow.postMessage({message:\"ready\",secret:t},\"*\")},!1)))}(window,document);\n\/\/# sourceURL=https:\/\/pozeskakuca.gmp.hr\/wp-includes\/js\/wp-embed.min.js\n<\/script>","thumbnail_url":"https:\/\/pozeskakuca.gmp.hr\/wp-content\/uploads\/2022\/10\/Pozeska-kuca-bicikl-naslovna-scaled.jpg","thumbnail_width":2560,"thumbnail_height":1709,"description":"Centar za posjetitelje Po\u017ee\u0161ka ku\u0107a sastavni je dio ovogodi\u0161njeg festivala Zlatne \u017eice Slavonije koji \u0107e se odr\u017eati od 1. do 3. rujna. U Centru za posjetitelje Po\u017ee\u0161ka ku\u0107a u vrijeme festivala bit \u0107e smje\u0161ten info\/press centar za sve sudionike festivala, ali i posjetitelje Po\u017eege kao info to\u010dka gdje se mogu saznati sve informacije o festivalu. [&hellip;]"}